{"id":3878,"date":"2025-07-02T11:19:34","date_gmt":"2025-07-02T09:19:34","guid":{"rendered":"https:\/\/fellesradet.org\/hallbarhet\/"},"modified":"2025-08-27T11:11:12","modified_gmt":"2025-08-27T09:11:12","slug":"baerekraft","status":"publish","type":"page","link":"https:\/\/fellesradet.org\/no\/baerekraft\/","title":{"rendered":"B\u00e6rekraft"},"content":{"rendered":"\n<h1>\n\t\t\tB\u00e6rekraft over grensen\t<\/h1>\n\t\t\t\t<img decoding=\"async\" src=\"https:\/\/fellesradet.org\/wp-content\/uploads\/2025\/07\/img_2500.jpg\" alt=\"IMG_2500\" itemprop=\"image\" height=\"806\" width=\"2000\" title=\"IMG_2500\" onerror=\"this.style.display='none'\" loading=\"lazy\" \/>\n\t<p>Fellesr\u00e5det jobber for \u00e5 styrke samarbeidet over grensen mellom Tr\u00f8ndelag og J\u00e4mtland H\u00e4rjedalen. M\u00e5let v\u00e5rt er \u00e5 bidra til en b\u00e6rekraftig utvikling i grenseregionen &#8211; \u00f8konomisk, sosialt og milj\u00f8messig.<\/p>\n<h2 data-start=\"385\" data-end=\"430\">B\u00e6rekraft som en r\u00f8d tr\u00e5d i arbeidet v\u00e5rt<\/h2>\nI prosjektet for styrket grenseregionalt samarbeid er b\u00e6rekraft en naturlig og integrert del. Vi tar utgangspunkt i lokale og regionale behov og kobler dem til nasjonale og nordiske m\u00e5l for b\u00e6rekraftig utvikling.\nGjennom prosjektet \u00f8nsker vi \u00e5 legge til rette for:\n<ul data-start=\"698\" data-end=\"1150\">\n<li data-start=\"698\" data-end=\"857\">\n<strong data-start=\"700\" data-end=\"745\">B\u00e6rekraftig vekst og \u00f8kt konkurransekraft<\/strong> &#8211; ved \u00e5 utvikle samarbeidsmodeller som styrker n\u00e6ringsliv, offentlige akt\u00f8rer og sivilsamfunn i grenseregionen.\n<\/li>\n<li data-start=\"858\" data-end=\"1035\">\n<strong data-start=\"860\" data-end=\"880\">Sosial b\u00e6rekraft<\/strong> &#8211; gjennom \u00e5 bygge sterke nettverk, styrke deltakelse og skape l\u00f8sninger som bidrar til trygghet, tillit og robuste lokalsamfunn p\u00e5 begge sider av grensen.\n<\/li>\n<li data-start=\"1036\" data-end=\"1150\">\n<strong data-start=\"1038\" data-end=\"1063\">Milj\u00f8messig b\u00e6rekraft<\/strong> &#8211; gjennom \u00e5 fremme samarbeid som reduserer milj\u00f8p\u00e5virkning og \u00f8ker ressursutnyttelsen.\n<\/li>\n<\/ul>\n\t\t\t\t<img decoding=\"async\" src=\"https:\/\/fellesradet.org\/wp-content\/uploads\/2025\/07\/img_1597-2.jpg\" alt=\"IMG_1597 2\" itemprop=\"image\" height=\"682\" width=\"2000\" title=\"IMG_1597 2\" onerror=\"this.style.display='none'\" loading=\"lazy\" \/>\n\t<p>Gjennom \u00e5 jobbe sammen over grensen \u00f8nsker vi \u00e5 bygge en sterkere og mer b\u00e6rekraftig framtid for innbyggere, n\u00e6ringsliv og lokalsamfunn i Tr\u00f8ndelag og J\u00e4mtland H\u00e4rjedalen. Arbeidet v\u00e5rt handler om \u00e5 gj\u00f8re det enklere \u00e5 bo, leve og jobbe i grenseregionen &#8211; b\u00e5de i dag og for kommende generasjoner.<\/p>\n<h2 data-start=\"1152\" data-end=\"1174\">Hvordan jobber vi?<\/h2>\n<ul data-start=\"1176\" data-end=\"1663\">\n<li data-start=\"1176\" data-end=\"1313\">\nVi kartlegger sammen med medlemmene og akt\u00f8rene hvilke omr\u00e5der grenseregionalt samarbeid kan gi st\u00f8rst verdi for b\u00e6rekraftig utvikling.\n<\/li>\n<li data-start=\"1314\" data-end=\"1429\">\nVi utvikler felles strategier og handlingsplaner som tar hensyn til b\u00e5de dagens behov og framtidens utfordringer.\n<\/li>\n<li data-start=\"1430\" data-end=\"1570\">\nVi styrker samarbeidet mellom kommuner, region, fylkeskommune og andre sentrale akt\u00f8rer for \u00e5 skape langsiktige og b\u00e6rekraftige l\u00f8sninger.\n<\/li>\n<li data-start=\"1571\" data-end=\"1663\">\nVi jobber for \u00e5 fjerne grensehindre og forbedre mulighetene for utvikling i hele regionen.\n<\/li>\n<\/ul>\n<h2 data-start=\"1665\" data-end=\"1716\">Hva kan b\u00e6rekraftsarbeidet handle om i praksis?<\/h2>\nB\u00e6rekraftsm\u00e5lene gjennomsyrer hele prosjektet og kan komme til uttrykk p\u00e5 ulike m\u00e5ter. For eksempel ved \u00e5:\n<ul data-start=\"1826\" data-end=\"2334\">\n<li data-start=\"1826\" data-end=\"1983\">\n<strong data-start=\"1828\" data-end=\"1863\">Styrke grenseregional beredskap<\/strong>, slik at brannvesen, helse og andre samfunnsfunksjoner kan samarbeide mer effektivt over grensen ved kriser og ulykker.\n<\/li>\n<li data-start=\"1985\" data-end=\"2172\">\n<strong data-start=\"1987\" data-end=\"2027\">Fremme regional selvforsyning av mat<\/strong>, ved \u00e5 st\u00f8tte samarbeid mellom lokale produsenter, offentlige kj\u00f8kken og matbedrifter &#8211; for \u00e5 redusere transportbehovet og styrke lokal \u00f8konomi.\n<\/li>\n<li data-start=\"2174\" data-end=\"2334\">\n<strong data-start=\"2176\" data-end=\"2222\">Utvikle l\u00f8sninger for mer s\u00f8ml\u00f8s transport<\/strong>, der forbedret kollektivtrafikk og grenseregional logistikk bidrar b\u00e5de til milj\u00f8messig og \u00f8konomisk b\u00e6rekraft.\n<\/li>\n<\/ul>\n\n","protected":false},"excerpt":{"rendered":"<p>B\u00e6rekraft over grensen Fellesr\u00e5det jobber for \u00e5 styrke samarbeidet over grensen mellom Tr\u00f8ndelag og J\u00e4mtland H\u00e4rjedalen. M\u00e5let v\u00e5rt er \u00e5 bidra til en b\u00e6rekraftig utvikling i grenseregionen &#8211; \u00f8konomisk, sosialt og milj\u00f8messig. B\u00e6rekraft som en r\u00f8d tr\u00e5d i arbeidet v\u00e5rt I prosjektet for styrket grenseregionalt samarbeid er b\u00e6rekraft en naturlig og integrert del. Vi tar&hellip;<\/p>\n","protected":false},"author":6,"featured_media":0,"parent":0,"menu_order":0,"comment_status":"closed","ping_status":"closed","template":"","meta":{"_acf_changed":false,"_analytify_skip_tracking":false,"footnotes":""},"class_list":["post-3878","page","type-page","status-publish","hentry"],"acf":[],"yoast_head":"<!-- This site is optimized with the Yoast SEO plugin v27.2 - https:\/\/yoast.com\/product\/yoast-seo-wordpress\/ -->\n<title>B\u00e6rekraft - Fellesr\u00e5det<\/title>\n<meta name=\"robots\" content=\"index, follow, max-snippet:-1, max-image-preview:large, max-video-preview:-1\" \/>\n<link rel=\"canonical\" href=\"https:\/\/fellesradet.org\/no\/baerekraft\/\" \/>\n<meta property=\"og:locale\" content=\"nb_NO\" \/>\n<meta property=\"og:type\" content=\"article\" \/>\n<meta property=\"og:title\" content=\"B\u00e6rekraft - Fellesr\u00e5det\" \/>\n<meta property=\"og:description\" content=\"B\u00e6rekraft over grensen Fellesr\u00e5det jobber for \u00e5 styrke samarbeidet over grensen mellom Tr\u00f8ndelag og J\u00e4mtland H\u00e4rjedalen. M\u00e5let v\u00e5rt er \u00e5 bidra til en b\u00e6rekraftig utvikling i grenseregionen &#8211; \u00f8konomisk, sosialt og milj\u00f8messig. B\u00e6rekraft som en r\u00f8d tr\u00e5d i arbeidet v\u00e5rt I prosjektet for styrket grenseregionalt samarbeid er b\u00e6rekraft en naturlig og integrert del. Vi tar&hellip;\" \/>\n<meta property=\"og:url\" content=\"https:\/\/fellesradet.org\/no\/baerekraft\/\" \/>\n<meta property=\"og:site_name\" content=\"Fellesr\u00e5det\" \/>\n<meta property=\"article:modified_time\" content=\"2025-08-27T09:11:12+00:00\" \/>\n<meta property=\"og:image\" content=\"https:\/\/fellesradet.org\/wp-content\/uploads\/2025\/07\/img_2500.jpg\" \/>\n<meta name=\"twitter:card\" content=\"summary_large_image\" \/>\n<meta name=\"twitter:label1\" content=\"Ansl. lesetid\" \/>\n\t<meta name=\"twitter:data1\" content=\"2 minutter\" \/>\n<script type=\"application\/ld+json\" class=\"yoast-schema-graph\">{\"@context\":\"https:\/\/schema.org\",\"@graph\":[{\"@type\":\"WebPage\",\"@id\":\"https:\/\/fellesradet.org\/no\/baerekraft\/\",\"url\":\"https:\/\/fellesradet.org\/no\/baerekraft\/\",\"name\":\"B\u00e6rekraft - Fellesr\u00e5det\",\"isPartOf\":{\"@id\":\"https:\/\/fellesradet.org\/no\/#website\"},\"primaryImageOfPage\":{\"@id\":\"https:\/\/fellesradet.org\/no\/baerekraft\/#primaryimage\"},\"image\":{\"@id\":\"https:\/\/fellesradet.org\/no\/baerekraft\/#primaryimage\"},\"thumbnailUrl\":\"https:\/\/fellesradet.org\/wp-content\/uploads\/2025\/07\/img_2500.jpg\",\"datePublished\":\"2025-07-02T09:19:34+00:00\",\"dateModified\":\"2025-08-27T09:11:12+00:00\",\"breadcrumb\":{\"@id\":\"https:\/\/fellesradet.org\/no\/baerekraft\/#breadcrumb\"},\"inLanguage\":\"nb-NO\",\"potentialAction\":[{\"@type\":\"ReadAction\",\"target\":[\"https:\/\/fellesradet.org\/no\/baerekraft\/\"]}]},{\"@type\":\"ImageObject\",\"inLanguage\":\"nb-NO\",\"@id\":\"https:\/\/fellesradet.org\/no\/baerekraft\/#primaryimage\",\"url\":\"https:\/\/fellesradet.org\/wp-content\/uploads\/2025\/07\/img_2500.jpg\",\"contentUrl\":\"https:\/\/fellesradet.org\/wp-content\/uploads\/2025\/07\/img_2500.jpg\"},{\"@type\":\"BreadcrumbList\",\"@id\":\"https:\/\/fellesradet.org\/no\/baerekraft\/#breadcrumb\",\"itemListElement\":[{\"@type\":\"ListItem\",\"position\":1,\"name\":\"Hem\",\"item\":\"https:\/\/fellesradet.org\/no\/\"},{\"@type\":\"ListItem\",\"position\":2,\"name\":\"B\u00e6rekraft\"}]},{\"@type\":\"WebSite\",\"@id\":\"https:\/\/fellesradet.org\/no\/#website\",\"url\":\"https:\/\/fellesradet.org\/no\/\",\"name\":\"Fellesr\u00e5det\",\"description\":\"Ett gr\u00e4ns\u00f6verskridande utvecklingsbolag\",\"publisher\":{\"@id\":\"https:\/\/fellesradet.org\/no\/#organization\"},\"potentialAction\":[{\"@type\":\"SearchAction\",\"target\":{\"@type\":\"EntryPoint\",\"urlTemplate\":\"https:\/\/fellesradet.org\/no\/?s={search_term_string}\"},\"query-input\":{\"@type\":\"PropertyValueSpecification\",\"valueRequired\":true,\"valueName\":\"search_term_string\"}}],\"inLanguage\":\"nb-NO\"},{\"@type\":\"Organization\",\"@id\":\"https:\/\/fellesradet.org\/no\/#organization\",\"name\":\"Fellesr\u00e5det\",\"url\":\"https:\/\/fellesradet.org\/no\/\",\"logo\":{\"@type\":\"ImageObject\",\"inLanguage\":\"nb-NO\",\"@id\":\"https:\/\/fellesradet.org\/no\/#\/schema\/logo\/image\/\",\"url\":\"https:\/\/fellesradet.org\/wp-content\/uploads\/2022\/06\/logo-norsk-cut.svg\",\"contentUrl\":\"https:\/\/fellesradet.org\/wp-content\/uploads\/2022\/06\/logo-norsk-cut.svg\",\"width\":444,\"height\":83,\"caption\":\"Fellesr\u00e5det\"},\"image\":{\"@id\":\"https:\/\/fellesradet.org\/no\/#\/schema\/logo\/image\/\"}}]}<\/script>\n<!-- \/ Yoast SEO plugin. -->","yoast_head_json":{"title":"B\u00e6rekraft - Fellesr\u00e5det","robots":{"index":"index","follow":"follow","max-snippet":"max-snippet:-1","max-image-preview":"max-image-preview:large","max-video-preview":"max-video-preview:-1"},"canonical":"https:\/\/fellesradet.org\/no\/baerekraft\/","og_locale":"nb_NO","og_type":"article","og_title":"B\u00e6rekraft - Fellesr\u00e5det","og_description":"B\u00e6rekraft over grensen Fellesr\u00e5det jobber for \u00e5 styrke samarbeidet over grensen mellom Tr\u00f8ndelag og J\u00e4mtland H\u00e4rjedalen. M\u00e5let v\u00e5rt er \u00e5 bidra til en b\u00e6rekraftig utvikling i grenseregionen &#8211; \u00f8konomisk, sosialt og milj\u00f8messig. B\u00e6rekraft som en r\u00f8d tr\u00e5d i arbeidet v\u00e5rt I prosjektet for styrket grenseregionalt samarbeid er b\u00e6rekraft en naturlig og integrert del. Vi tar&hellip;","og_url":"https:\/\/fellesradet.org\/no\/baerekraft\/","og_site_name":"Fellesr\u00e5det","article_modified_time":"2025-08-27T09:11:12+00:00","og_image":[{"url":"https:\/\/fellesradet.org\/wp-content\/uploads\/2025\/07\/img_2500.jpg","type":"","width":"","height":""}],"twitter_card":"summary_large_image","twitter_misc":{"Ansl. lesetid":"2 minutter"},"schema":{"@context":"https:\/\/schema.org","@graph":[{"@type":"WebPage","@id":"https:\/\/fellesradet.org\/no\/baerekraft\/","url":"https:\/\/fellesradet.org\/no\/baerekraft\/","name":"B\u00e6rekraft - Fellesr\u00e5det","isPartOf":{"@id":"https:\/\/fellesradet.org\/no\/#website"},"primaryImageOfPage":{"@id":"https:\/\/fellesradet.org\/no\/baerekraft\/#primaryimage"},"image":{"@id":"https:\/\/fellesradet.org\/no\/baerekraft\/#primaryimage"},"thumbnailUrl":"https:\/\/fellesradet.org\/wp-content\/uploads\/2025\/07\/img_2500.jpg","datePublished":"2025-07-02T09:19:34+00:00","dateModified":"2025-08-27T09:11:12+00:00","breadcrumb":{"@id":"https:\/\/fellesradet.org\/no\/baerekraft\/#breadcrumb"},"inLanguage":"nb-NO","potentialAction":[{"@type":"ReadAction","target":["https:\/\/fellesradet.org\/no\/baerekraft\/"]}]},{"@type":"ImageObject","inLanguage":"nb-NO","@id":"https:\/\/fellesradet.org\/no\/baerekraft\/#primaryimage","url":"https:\/\/fellesradet.org\/wp-content\/uploads\/2025\/07\/img_2500.jpg","contentUrl":"https:\/\/fellesradet.org\/wp-content\/uploads\/2025\/07\/img_2500.jpg"},{"@type":"BreadcrumbList","@id":"https:\/\/fellesradet.org\/no\/baerekraft\/#breadcrumb","itemListElement":[{"@type":"ListItem","position":1,"name":"Hem","item":"https:\/\/fellesradet.org\/no\/"},{"@type":"ListItem","position":2,"name":"B\u00e6rekraft"}]},{"@type":"WebSite","@id":"https:\/\/fellesradet.org\/no\/#website","url":"https:\/\/fellesradet.org\/no\/","name":"Fellesr\u00e5det","description":"Ett gr\u00e4ns\u00f6verskridande utvecklingsbolag","publisher":{"@id":"https:\/\/fellesradet.org\/no\/#organization"},"potentialAction":[{"@type":"SearchAction","target":{"@type":"EntryPoint","urlTemplate":"https:\/\/fellesradet.org\/no\/?s={search_term_string}"},"query-input":{"@type":"PropertyValueSpecification","valueRequired":true,"valueName":"search_term_string"}}],"inLanguage":"nb-NO"},{"@type":"Organization","@id":"https:\/\/fellesradet.org\/no\/#organization","name":"Fellesr\u00e5det","url":"https:\/\/fellesradet.org\/no\/","logo":{"@type":"ImageObject","inLanguage":"nb-NO","@id":"https:\/\/fellesradet.org\/no\/#\/schema\/logo\/image\/","url":"https:\/\/fellesradet.org\/wp-content\/uploads\/2022\/06\/logo-norsk-cut.svg","contentUrl":"https:\/\/fellesradet.org\/wp-content\/uploads\/2022\/06\/logo-norsk-cut.svg","width":444,"height":83,"caption":"Fellesr\u00e5det"},"image":{"@id":"https:\/\/fellesradet.org\/no\/#\/schema\/logo\/image\/"}}]}},"_links":{"self":[{"href":"https:\/\/fellesradet.org\/no\/wp-json\/wp\/v2\/pages\/3878","targetHints":{"allow":["GET"]}}],"collection":[{"href":"https:\/\/fellesradet.org\/no\/wp-json\/wp\/v2\/pages"}],"about":[{"href":"https:\/\/fellesradet.org\/no\/wp-json\/wp\/v2\/types\/page"}],"author":[{"embeddable":true,"href":"https:\/\/fellesradet.org\/no\/wp-json\/wp\/v2\/users\/6"}],"replies":[{"embeddable":true,"href":"https:\/\/fellesradet.org\/no\/wp-json\/wp\/v2\/comments?post=3878"}],"version-history":[{"count":0,"href":"https:\/\/fellesradet.org\/no\/wp-json\/wp\/v2\/pages\/3878\/revisions"}],"wp:attachment":[{"href":"https:\/\/fellesradet.org\/no\/wp-json\/wp\/v2\/media?parent=3878"}],"curies":[{"name":"wp","href":"https:\/\/api.w.org\/{rel}","templated":true}]}}